{"id":520,"date":"2022-01-04T14:33:15","date_gmt":"2022-01-04T13:33:15","guid":{"rendered":"http:\/\/entwurf2020ib.ib-weisgerber.de\/?page_id=520"},"modified":"2022-01-04T16:23:50","modified_gmt":"2022-01-04T15:23:50","slug":"datenschutz","status":"publish","type":"page","link":"https:\/\/ib-weisgerber.de\/?page_id=520","title":{"rendered":"Datenschutzerkl\u00e4rung"},"content":{"rendered":"\t\t<div data-elementor-type=\"wp-page\" data-elementor-id=\"520\" class=\"elementor elementor-520\">\n\t\t\t\t\t\t<div class=\"elementor-inner\">\n\t\t\t\t<div class=\"elementor-section-wrap\">\n\t\t\t\t\t\t\t\t\t<section class=\"elementor-section elementor-top-section elementor-element elementor-element-0255b64 elementor-section-boxed elementor-section-height-default elementor-section-height-default\" data-id=\"0255b64\" data-element_type=\"section\">\n\t\t\t\t\t\t<div class=\"elementor-container elementor-column-gap-default\">\n\t\t\t\t\t\t\t<div class=\"elementor-row\">\n\t\t\t\t\t<div class=\"elementor-column elementor-col-100 elementor-top-column elementor-element elementor-element-ad1a6ed\" data-id=\"ad1a6ed\" data-element_type=\"column\">\n\t\t\t<div class=\"elementor-column-wrap elementor-element-populated\">\n\t\t\t\t\t\t\t<div class=\"elementor-widget-wrap\">\n\t\t\t\t\t\t<div class=\"elementor-element elementor-element-3fa5fbf elementor-widget elementor-widget-heading\" data-id=\"3fa5fbf\" data-element_type=\"widget\" data-widget_type=\"heading.default\">\n\t\t\t\t<div class=\"elementor-widget-container\">\n\t\t\t<h1 class=\"elementor-heading-title elementor-size-default\">Datenschutzerkl\u00e4rung<\/h1>\t\t<\/div>\n\t\t\t\t<\/div>\n\t\t\t\t\t\t<\/div>\n\t\t\t\t\t<\/div>\n\t\t<\/div>\n\t\t\t\t\t\t\t\t<\/div>\n\t\t\t\t\t<\/div>\n\t\t<\/section>\n\t\t\t\t<section class=\"elementor-section elementor-top-section elementor-element elementor-element-e9cbb87 elementor-section-boxed elementor-section-height-default elementor-section-height-default\" data-id=\"e9cbb87\" data-element_type=\"section\">\n\t\t\t\t\t\t<div class=\"elementor-container elementor-column-gap-default\">\n\t\t\t\t\t\t\t<div class=\"elementor-row\">\n\t\t\t\t\t<div class=\"elementor-column elementor-col-100 elementor-top-column elementor-element elementor-element-010e738\" data-id=\"010e738\" data-element_type=\"column\">\n\t\t\t<div class=\"elementor-column-wrap elementor-element-populated\">\n\t\t\t\t\t\t\t<div class=\"elementor-widget-wrap\">\n\t\t\t\t\t\t<div class=\"elementor-element elementor-element-0c6d30a elementor-widget elementor-widget-shortcode\" data-id=\"0c6d30a\" data-element_type=\"widget\" data-widget_type=\"shortcode.default\">\n\t\t\t\t<div class=\"elementor-widget-container\">\n\t\t\t\t\t<div class=\"elementor-shortcode\"><p>&nbsp;<\/p>\r\n                                                          \r\n                                            <div class=\"janolaw-paragraph\">\r\n\t\t\t\t\t\t\t\t<\/div>\r\n\t\t\t\t                    \r\n                            \r\n                       \r\n                                   \r\n                            \r\n                                            <div class=\"janolaw-paragraph\">\r\n\t\t\t\t &sect; 1 Allgemeines\t\t\t\t<\/div>\r\n\t\t\t\t\t\t\t\t<div class=\"janolaw-text\">\r\n                   \r\n                    <p>Ihre personenbezogenen Daten (z.B. Anrede, Name, Anschrift, E-Mail-Adresse, Telefonnummer) werden von uns nur gem&auml;&szlig; den Bestimmungen des deutschen Datenschutzrechts und des Datenschutzrechts der Europ&auml;ischen Union (EU) verarbeitet. Die nachfolgenden Vorschriften informieren Sie neben den Verarbeitungszwecken, Rechtsgrundlagen, Empf&auml;ngern, Speicherfristen auch &uuml;ber Ihre Rechte und den Verantwortlichen f&uuml;r Ihre Datenverarbeitung. Diese Datenschutzerkl&auml;rung bezieht sich nur auf unsere Websites. Falls Sie &uuml;ber Links auf unseren Seiten auf andere Seiten weitergeleitet werden, informieren Sie sich bitte dort &uuml;ber den jeweiligen Umgang mit Ihren Daten.<\/p>\r\n\t\t\t\t\t<p>&nbsp;<\/p>\r\n                <\/div>\r\n\t\t\t\t            \r\n                       \r\n                                   \r\n                            \r\n                                            <div class=\"janolaw-paragraph\">\r\n\t\t\t\t &sect; 2 Kontaktaufnahme\t\t\t\t<\/div>\r\n\t\t\t\t\t\t\t\t<div class=\"janolaw-text\">\r\n                   \r\n                    <p><strong>(1) Verarbeitungszweck<\/strong><\/p>\r\n<p>Ihre personenbezogenen Daten, die Sie uns per E-Mail, Kontaktformular etc. zur Verf&uuml;gung stellen, verarbeiten wir zur Beantwortung und Erledigung Ihrer Anfragen. Sie sind nicht verpflichtet, uns Ihre personenbezogenen Daten bereitzustellen. Aber ohne Mitteilung Ihrer E-Mail-Adresse k&ouml;nnen wir Ihnen auch nicht per E-Mail antworten.<\/p>\r\n<p><strong>(2) Rechtsgrundlagen<\/strong><\/p>\r\n<p>a) Sollten Sie uns eine ausdr&uuml;ckliche Einwilligung zur Verarbeitung Ihrer Daten gegeben haben, ist Art.6 Abs.1a) DSGVO die Rechtsgrundlage f&uuml;r diese Verarbeitung.<\/p>\r\n<p>b) Sollten wir Ihre Daten zur Durchf&uuml;hrung vorvertraglicher Ma&szlig;nahmen verarbeiten, ist Art.6 Abs.1b) DSGVO die Rechtsgrundlage.<\/p>\r\n<p>c) In allen anderen F&auml;llen (insbesondere bei Nutzung eines Kontaktformulars) ist Art.6 Abs.1f) DSGVO die Rechtsgrundlage.<\/p>\r\n<p><strong>WIDERSPRUCHSRECHT: Sie haben das Recht, der Datenverarbeitung, die auf der Grundlage des Art.6 Abs.1f) DSGVO erfolgt und nicht der Direktwerbung dient, aus Gr&uuml;nden, die sich aus Ihrer besonderen Situation ergeben, jederzeit zu widersprechen.<\/strong><\/p>\r\n<p><strong>Im Falle der Direktwerbung k&ouml;nnen Sie der Verarbeitung hingegen ohne Angabe von Gr&uuml;nden jederzeit widersprechen. <\/strong><\/p>\r\n<p><strong>(3) Berechtigtes Interesse<\/strong><\/p>\r\n<p>Unser berechtigtes Interesse an der Verarbeitung besteht darin, mit Ihnen auf schnellem Wege zu kommunizieren und Ihre Anfragen kosteng&uuml;nstig zu beantworten. Wenn Sie uns Ihre Anschrift mitteilen, behalten wir uns vor, diese f&uuml;r postalische Direktwerbung zu verwenden. Ihr Interesse am Datenschutz k&ouml;nnen Sie durch eine sparsame Datenweitergabe (z.B. Verwendung eines Pseudonyms) wahren.<\/p>\r\n<p><strong>(4) Empf&auml;ngerkategorien<\/strong><\/p>\r\n<p>Hostinganbieter, Versanddienstleister bei Direktwerbung<\/p>\r\n<p><strong>(5) Speicherdauer<\/strong><\/p>\r\n<p>Ihre Daten werden gel&ouml;scht, wenn sich aus den Umst&auml;nden entnehmen l&auml;sst, dass Ihre Anfrage bzw. der betroffene Sachverhalt abschlie&szlig;end gekl&auml;rt ist.<\/p>\r\n<p>Falls es jedoch zu einem Vertragsschluss kommt, werden die nach Handels- und Steuerrecht erforderlichen Daten von uns f&uuml;r die gesetzlich bestimmten Zeitr&auml;ume aufbewahrt, also regelm&auml;&szlig;ig zehn Jahre (vgl. &sect;257 HGB, &sect;147 AO).<\/p>\r\n<p><strong>(6) Widerrufsrecht<\/strong><\/p>\r\n<p>Sie haben im Fall der Verarbeitung aufgrund Ihrer Einwilligung das Recht, Ihre Einwilligung jederzeit zu widerrufen.<\/p>\r\n\t\t\t\t\t<p>&nbsp;<\/p>\r\n                <\/div>\r\n\t\t\t\t            \r\n                       \r\n                                   \r\n                            \r\n                                            <div class=\"janolaw-paragraph\">\r\n\t\t\t\t &sect; 3 Kommentare\t\t\t\t<\/div>\r\n\t\t\t\t\t\t\t\t<div class=\"janolaw-text\">\r\n                   \r\n                    <p><strong>(1) Verarbeitungszweck<\/strong><\/p>\r\n<p>Es besteht die M&ouml;glichkeit einen Kommentar zu verfassen. Ihre Daten (z.B. Name\/Pseudonym, E-Mail-Adresse, Website) werden dann nur f&uuml;r den Zweck der Ver&ouml;ffentlichung Ihres Kommentars verarbeitet.<\/p>\r\n<p><strong>(2) Rechtsgrundlage<\/strong><\/p>\r\n<p>Rechtsgrundlage f&uuml;r diese Verarbeitung ist Art.6 Abs.1f) DSGVO.<\/p>\r\n<p><strong>(3) Berechtigtes Interesse<\/strong><\/p>\r\n<p>Unser berechtigtes Interesse ist der &ouml;ffentliche Austausch von Nutzermeinungen zu bestimmten Themen und Produkten. Die Ver&ouml;ffentlichung dient u.a. der Transparenz und Meinungsbildung. Ihr Interesse am Datenschutz bleibt gewahrt, da Sie Ihren Kommentar unter einem Pseudonym ver&ouml;ffentlichen k&ouml;nnen.<\/p>\r\n<p><strong>(4) Speicherdauer<\/strong><\/p>\r\n<p>Eine bestimmte Speicherdauer ist nicht vorgesehen. Sie k&ouml;nnen jederzeit die L&ouml;schung Ihres Kommentars verlangen.<\/p>\r\n<p><strong>(5) <\/strong><strong> WIDERSPRUCHSRECHT<\/strong><\/p>\r\n<p><strong>Sie haben das Recht, der Datenverarbeitung die auf der Grundlage des Art.6 Abs.1f) DSGVO erfolgt und nicht der Direktwerbung dient aus Gr&uuml;nden, die sich aus Ihrer besonderen Situation ergeben, jederzeit zu widersprechen.<\/strong><\/p>\r\n<p><strong>Im Falle der Direktwerbung k&ouml;nnen Sie der Verarbeitung hingegen ohne Angabe von Gr&uuml;nden jederzeit widersprechen.<\/strong><\/p>\r\n\t\t\t\t\t<p>&nbsp;<\/p>\r\n                <\/div>\r\n\t\t\t\t            \r\n                       \r\n                                   \r\n                            \r\n                                            <div class=\"janolaw-paragraph\">\r\n\t\t\t\t &sect; 4 Weitere Informationen \t\t\t\t<\/div>\r\n\t\t\t\t\t\t\t\t<div class=\"janolaw-text\">\r\n                   \r\n                    <p><p>Wir verwenden den Google-Dienst reCaptcha, um festzustellen, ob ein Mensch oder ein Computer eine bestimmte Eingabe in unserem Kontaktformular macht. Google pr&uuml;ft anhand folgender Daten, ob Sie ein Mensch oder ein Computer sind: IP-Adresse des verwendeten Endger&auml;ts, die Webseite, die Sie bei uns besuchen und auf der das Captcha eingebunden ist, das Datum und die Dauer des Besuchs, die Erkennungsdaten des verwendeten Browser- und Betriebssystem-Typs, Google-Account, wenn Sie bei Google eingeloggt sind, Mausbewegungen auf den reCaptcha-Fl&auml;chen sowie Aufgaben, bei denen Sie Bilder identifizieren m&uuml;ssen. Rechtsgrundlage f&uuml;r die beschriebene Datenverarbeitung ist Art. 6 Abs. 1 Buchstabe f Datenschutz-Grundverordnung. Es besteht ein berechtigtes Interesse auf unserer Seite an dieser Datenverarbeitung, die Sicherheit unserer Webseite zu gew&auml;hrleisten und uns vor automatisierten Eingaben (Angriffen) zu sch&uuml;tzen.<\/p><\/p>\r\n\t\t\t\t\t<p>&nbsp;<\/p>\r\n                <\/div>\r\n\t\t\t\t            \r\n                       \r\n                                   \r\n                            \r\n                                            <div class=\"janolaw-paragraph\">\r\n\t\t\t\t &sect; 5 Informationen &uuml;ber Cookies\t\t\t\t<\/div>\r\n\t\t\t\t\t\t\t\t<div class=\"janolaw-text\">\r\n                   \r\n                    <p><strong>(1) Verarbeitungszweck<\/strong><\/p>\r\n<p>Auf dieser Webseite werden technisch notwendige Cookies eingesetzt. Es handelt sich dabei um kleine Textdateien, die in bzw. von Ihrem Internetbrowser auf Ihrem Computersystem gespeichert werden.<\/p>\r\n<p><strong>(2) Rechtsgrundlage<\/strong><\/p>\r\n<p>Rechtsgrundlage f&uuml;r diese Verarbeitung ist Art.6 Abs.1f) DSGVO.<\/p>\r\n<p><strong>(3) Berechtigtes Interesse<\/strong><\/p>\r\n<p>Unser berechtigtes Interesse ist die Funktionsf&auml;higkeit unserer Webseite. Die durch technisch notwendige Cookies erhobenen Nutzerdaten werden nicht zur Erstellung von Nutzerprofilen verwendet. Dadurch wird Ihr Interesse am Datenschutz gewahrt.<\/p>\r\n<p><strong>(4) Speicherdauer<\/strong><\/p>\r\n<p>Die technisch notwendigen Cookies werden im Regelfall mit dem Schlie&szlig;en des Browsers gel&ouml;scht. Dauerhaft gespeicherte Cookies haben eine unterschiedlich lange Lebensdauer von einigen Minuten bis zu mehreren Jahren.<\/p>\r\n<p><strong>(5) WIDERSPRUCHSRECHT<\/strong><\/p>\r\n<p><strong>Falls Sie die Speicherung dieser Cookies nicht w&uuml;nschen, deaktivieren Sie bitte die Annahme dieser Cookies in Ihrem Internetbrowser. Dies kann aber eine Funktionseinschr&auml;nkung unserer Webseite zur Folge haben. Dauerhaft gespeicherte Cookies k&ouml;nnen Sie ebenfalls jederzeit &uuml;ber Ihren Browser l&ouml;schen.<\/strong><\/p>\r\n\t\t\t\t\t<p>&nbsp;<\/p>\r\n                <\/div>\r\n\t\t\t\t            \r\n                       \r\n                                   \r\n                            \r\n                                            <div class=\"janolaw-paragraph\">\r\n\t\t\t\t &sect; 6 Ihre Rechte als Betroffener\t\t\t\t<\/div>\r\n\t\t\t\t\t\t\t\t<div class=\"janolaw-text\">\r\n                   \r\n                    <p class=\"Paragraph\">Werden personenbezogene Daten von Ihnen verarbeitet, sind Sie Betroffener im Sinne der DSGVO und es stehen Ihnen folgende Rechte gegen&uuml;ber uns als Verantwortlichen zu:<\/p>\r\n<p><\/p>\r\n<p><\/p>\r\n<p class=\"Paragraph\"><strong>1. Recht auf Auskunft<\/strong><\/p>\r\n<p class=\"Paragraph\">Sie k&ouml;nnen im Rahmen des Art.15 DSGVO Auskunft &uuml;ber Ihre von uns verarbeiteten personenbezogenen Daten verlangen.<\/p>\r\n<p><\/p>\r\n<p class=\"Paragraph\"><strong>2. Recht auf Berichtigung<\/strong><\/p>\r\n<p class=\"Paragraph\">Sollten die Sie betreffenden Angaben nicht (mehr) zutreffend sein, k&ouml;nnen Sie nach Art.16 DSGVO eine Berichtigung verlangen. Sollten Ihre Daten unvollst&auml;ndig sein, k&ouml;nnen Sie eine Vervollst&auml;ndigung verlangen.<\/p>\r\n<p><\/p>\r\n<p class=\"Paragraph\"><strong>3. Recht auf L&ouml;schung<\/strong><\/p>\r\n<p class=\"Paragraph\">Sie k&ouml;nnen unter den Bedingungen des Art.17 DSGVO die L&ouml;schung Ihrer personenbezogenen Daten verlangen.<\/p>\r\n<p><\/p>\r\n<p class=\"Paragraph\"><strong>4. Recht auf Einschr&auml;nkung der Verarbeitung<\/strong><\/p>\r\n<p class=\"Paragraph\">Sie haben im Rahmen der Vorgaben des Art.18 DSGVO das Recht, eine Einschr&auml;nkung der Verarbeitung der Sie betreffenden Daten zu verlangen.<\/p>\r\n<p><\/p>\r\n<p class=\"Paragraph\"><strong>5. Recht auf Daten&uuml;bertragbarkeit<\/strong><\/p>\r\n<p class=\"Paragraph\">Sie haben nach Art.20 DSGVO das Recht, die Sie betreffenden personenbezogenen Daten, die Sie uns bereitgestellt haben, in einem strukturierten, g&auml;ngigen und maschinenlesbaren Format zu erhalten oder die &Uuml;bermittlung an einen anderen Verantwortlichen zu verlangen.<\/p>\r\n<p><\/p>\r\n<p class=\"Paragraph\"><strong>6. Recht auf Widerruf der datenschutzrechtlichen Einwilligungserkl&auml;rung<\/strong><\/p>\r\n<p class=\"Paragraph\">Sie haben nach Art.7 Abs.3 DSGVO das Recht, Ihre datenschutzrechtliche Einwilligungserkl&auml;rung jederzeit zu widerrufen. Die Rechtm&auml;&szlig;igkeit der aufgrund der Einwilligung bis zum Widerruf erfolgten Verarbeitung wird dadurch nicht ber&uuml;hrt.<\/p>\r\n<p><\/p>\r\n<p class=\"Paragraph\"><strong>7. Recht auf Beschwerde bei einer Aufsichtsbeh&ouml;rde<\/strong><\/p>\r\n<p class=\"Paragraph\">Wenn Sie der Ansicht sind, dass die Verarbeitung der Sie betreffenden personenbezogenen Daten gegen die DSGVO verst&ouml;&szlig;t, steht Ihnen nach Art.77 DSGVO das Recht auf Beschwerde bei einer Aufsichtsbeh&ouml;rde (insbesondere in dem Mitgliedstaat ihres Aufenthaltsorts, ihres Arbeitsplatzes oder des Orts des mutma&szlig;lichen Versto&szlig;es) zu.<\/p>\r\n<p><\/p>\r\n<p><\/p>\r\n<p class=\"Paragraph\"><strong>Bitte beachten Sie auch Ihr Widerspruchsrecht nach Art.21 DSGVO:<\/strong><\/p>\r\n<p><\/p>\r\n<p class=\"Paragraph\"><strong>a) Allgemein: begr&uuml;ndeter Widerspruch erforderlich<\/strong><\/p>\r\n<p class=\"Paragraph\"><strong>Erfolgt die Verarbeitung Sie betreffender personenbezogener Daten <\/strong><\/p>\r\n<p class=\"Paragraph\"><strong>- zur Wahrung unseres &uuml;berwiegenden berechtigten Interesses (Rechtsgrundlage nach Art.6 Abs.1f) DSGVO) oder<\/strong><\/p>\r\n<p class=\"Paragraph\"><strong>- im &ouml;ffentlichen Interesse (Rechtsgrundlage nach Art.6 Abs.1e) DSGVO), <\/strong><\/p>\r\n<p class=\"Paragraph\"><strong>haben Sie das Recht, jederzeit aus Gr&uuml;nden, die sich aus Ihrer besonderen Situation ergeben, gegen die Verarbeitung Widerspruch einzulegen; dies gilt auch f&uuml;r ein auf die Bestimmungen der DSGVO gest&uuml;tztes Profiling.<\/strong><\/p>\r\n<p><\/p>\r\n<p class=\"Paragraph\"><strong>Im Fall des Widerspruchs verarbeiten wir die Sie betreffenden personenbezogenen Daten nicht mehr, es sei denn, wir k&ouml;nnen zwingende schutzw&uuml;rdige Gr&uuml;nde f&uuml;r die Verarbeitung nachweisen, die Ihre Interessen, Rechte und Freiheiten &uuml;berwiegen, oder die Verarbeitung dient der Geltendmachung, Aus&uuml;bung oder Verteidigung von Rechtsanspr&uuml;chen.<\/strong><\/p>\r\n<p><\/p>\r\n<p class=\"Paragraph\"><strong>b) Sonderfall Direktwerbung: einfacher Widerspruch gen&uuml;gt<\/strong><\/p>\r\n<p class=\"Paragraph\"><strong>Werden die Sie betreffenden personenbezogenen Daten verarbeitet, um Direktwerbung zu betreiben, haben Sie das Recht, jederzeit und ohne Angabe von Gr&uuml;nden Widerspruch gegen diese Verarbeitung einzulegen; dies gilt auch f&uuml;r das Profiling, soweit es mit solcher Direktwerbung in Verbindung steht.<\/strong><\/p>\r\n<p><\/p>\r\n<p class=\"Paragraph\"><strong>Widersprechen Sie der Verarbeitung f&uuml;r Zwecke der Direktwerbung, so werden die Sie betreffenden personenbezogenen Daten nicht mehr f&uuml;r diese Zwecke verarbeitet.<\/strong><\/p>\r\n\t\t\t\t\t<p>&nbsp;<\/p>\r\n                <\/div>\r\n\t\t\t\t            \r\n                       \r\n                                \r\n                                                <div class=\"janolaw-paragraph\">\r\n\t\t\t\t\t\t\t\t\t\t<\/div>\r\n\t\t\t\t\t<div class=\"janolaw-text\">\r\n                        <p style=\"text-align: left;\"><strong>Verantwortlicher f&uuml;r die Datenverarbeitung:<\/strong><br \/>Lars Weisgerber<br \/>Schemmer Str. 8<br \/>51709 Marienheide<br \/>Telefon: 0176 105 38234<br \/>&#107;&#x6f;&#x6e;t&#97;&#x6b;t&#64;&#x69;&#x62;&#45;&#x77;&#x65;i&#115;&#x67;e&#114;&#x62;&#x65;&#114;&#x2e;&#x64;e<\/p>\r\n                    <\/div>\r\n                            \r\n                       \r\n        \r\n <\/div>\n\t\t\t\t<\/div>\n\t\t\t\t<\/div>\n\t\t\t\t\t\t<\/div>\n\t\t\t\t\t<\/div>\n\t\t<\/div>\n\t\t\t\t\t\t\t\t<\/div>\n\t\t\t\t\t<\/div>\n\t\t<\/section>\n\t\t\t\t<section class=\"elementor-section elementor-top-section elementor-element elementor-element-dd2e324 elementor-section-boxed elementor-section-height-default elementor-section-height-default\" data-id=\"dd2e324\" data-element_type=\"section\">\n\t\t\t\t\t\t<div class=\"elementor-container elementor-column-gap-default\">\n\t\t\t\t\t\t\t<div class=\"elementor-row\">\n\t\t\t\t\t<div class=\"elementor-column elementor-col-33 elementor-top-column elementor-element elementor-element-018b6e4\" data-id=\"018b6e4\" data-element_type=\"column\">\n\t\t\t<div class=\"elementor-column-wrap elementor-element-populated\">\n\t\t\t\t\t\t\t<div class=\"elementor-widget-wrap\">\n\t\t\t\t\t\t<div class=\"elementor-element elementor-element-38eab58 elementor-widget elementor-widget-image\" data-id=\"38eab58\" data-element_type=\"widget\" data-widget_type=\"image.default\">\n\t\t\t\t<div class=\"elementor-widget-container\">\n\t\t\t\t\t\t\t\t<div class=\"elementor-image\">\n\t\t\t\t\t\t\t\t\t\t\t\t<img decoding=\"async\" src=\"https:\/\/ib-weisgerber.de\/wp-content\/uploads\/2021\/01\/cropped-cropped-Unbenannt-228x85.png\" title=\"cropped-cropped-Unbenannt.png\" alt=\"cropped-cropped-Unbenannt.png\" \/>\t\t\t\t\t\t\t\t\t\t\t\t\t\t<\/div>\n\t\t\t\t\t\t<\/div>\n\t\t\t\t<\/div>\n\t\t\t\t\t\t<\/div>\n\t\t\t\t\t<\/div>\n\t\t<\/div>\n\t\t\t\t<div class=\"elementor-column elementor-col-33 elementor-top-column elementor-element elementor-element-0026cd5\" data-id=\"0026cd5\" data-element_type=\"column\">\n\t\t\t<div class=\"elementor-column-wrap elementor-element-populated\">\n\t\t\t\t\t\t\t<div class=\"elementor-widget-wrap\">\n\t\t\t\t\t\t<div class=\"elementor-element elementor-element-5fc90fd elementor-widget elementor-widget-text-editor\" data-id=\"5fc90fd\" data-element_type=\"widget\" data-widget_type=\"text-editor.default\">\n\t\t\t\t<div class=\"elementor-widget-container\">\n\t\t\t\t\t\t\t\t<div class=\"elementor-text-editor elementor-clearfix\">\n\t\t\t\t<p>Ingenieur- u. Sachverst\u00e4ndigenb\u00fcro Weisgerber<\/p><p>Lars Weisgerber, M.Eng.<\/p><p>Am W\u00e4ldchen 14<\/p><p>57078 Siegen<\/p><p>Fon:\u00a0\u00a0\u00a0 0176 \/ 105 38 234<\/p><p>E-Mail: &#x69;&#110;f&#x6f;&#64;i&#x62;&#45;w&#x65;&#105;s&#x67;&#101;r&#x62;&#101;r&#x2e;&#100;e<\/p>\t\t\t\t\t<\/div>\n\t\t\t\t\t\t<\/div>\n\t\t\t\t<\/div>\n\t\t\t\t\t\t<\/div>\n\t\t\t\t\t<\/div>\n\t\t<\/div>\n\t\t\t\t<div class=\"elementor-column elementor-col-33 elementor-top-column elementor-element elementor-element-d9673d1\" data-id=\"d9673d1\" data-element_type=\"column\">\n\t\t\t<div class=\"elementor-column-wrap elementor-element-populated\">\n\t\t\t\t\t\t\t<div class=\"elementor-widget-wrap\">\n\t\t\t\t\t\t<div class=\"elementor-element elementor-element-25c1526 elementor-widget elementor-widget-text-editor\" data-id=\"25c1526\" data-element_type=\"widget\" data-widget_type=\"text-editor.default\">\n\t\t\t\t<div class=\"elementor-widget-container\">\n\t\t\t\t\t\t\t\t<div class=\"elementor-text-editor elementor-clearfix\">\n\t\t\t\t<p><span style=\"font-family: arial, helvetica, sans-serif;\">\u00a9 ISB Weisgerber 2022<\/span><\/p><p><span style=\"font-family: arial, helvetica, sans-serif;\"><a href=\"http:\/\/entwurf2020ib.ib-weisgerber.de\/?page_id=82\">Impressum<\/a><\/span><\/p><p><span style=\"font-family: arial, helvetica, sans-serif;\"><a href=\"http:\/\/entwurf2020ib.ib-weisgerber.de\/?page_id=84\">Datenschutz<\/a><\/span><\/p>\t\t\t\t\t<\/div>\n\t\t\t\t\t\t<\/div>\n\t\t\t\t<\/div>\n\t\t\t\t\t\t<\/div>\n\t\t\t\t\t<\/div>\n\t\t<\/div>\n\t\t\t\t\t\t\t\t<\/div>\n\t\t\t\t\t<\/div>\n\t\t<\/section>\n\t\t\t\t\t\t\t\t\t<\/div>\n\t\t\t<\/div>\n\t\t\t\t\t<\/div>\n\t\t","protected":false},"excerpt":{"rendered":"<p>Datenschutzerkl\u00e4rung Ingenieur- u. Sachverst\u00e4ndigenb\u00fcro Weisgerber Lars Weisgerber, M.Eng. Am W\u00e4ldchen 14 57078 Siegen Fon:&nbsp;&nbsp;&nbsp; 0176 \/ 105 38 234 E-Mail: &#x69;&#110;f&#x6f;&#64;i&#x62;&#45;w&#x65;&#105;s&#x67;&#101;r&#x62;&#101;r&#x2e;&#100;e \u00a9 ISB Weisgerber 2022 Impressum Datenschutz<\/p>\n","protected":false},"author":1,"featured_media":0,"parent":0,"menu_order":0,"comment_status":"closed","ping_status":"closed","template":"","meta":{"footnotes":""},"_links":{"self":[{"href":"https:\/\/ib-weisgerber.de\/index.php?rest_route=\/wp\/v2\/pages\/520"}],"collection":[{"href":"https:\/\/ib-weisgerber.de\/index.php?rest_route=\/wp\/v2\/pages"}],"about":[{"href":"https:\/\/ib-weisgerber.de\/index.php?rest_route=\/wp\/v2\/types\/page"}],"author":[{"embeddable":true,"href":"https:\/\/ib-weisgerber.de\/index.php?rest_route=\/wp\/v2\/users\/1"}],"replies":[{"embeddable":true,"href":"https:\/\/ib-weisgerber.de\/index.php?rest_route=%2Fwp%2Fv2%2Fcomments&post=520"}],"version-history":[{"count":20,"href":"https:\/\/ib-weisgerber.de\/index.php?rest_route=\/wp\/v2\/pages\/520\/revisions"}],"predecessor-version":[{"id":785,"href":"https:\/\/ib-weisgerber.de\/index.php?rest_route=\/wp\/v2\/pages\/520\/revisions\/785"}],"wp:attachment":[{"href":"https:\/\/ib-weisgerber.de\/index.php?rest_route=%2Fwp%2Fv2%2Fmedia&parent=520"}],"curies":[{"name":"wp","href":"https:\/\/api.w.org\/{rel}","templated":true}]}}